{"id":2288,"date":"2022-05-30T22:34:39","date_gmt":"2022-05-30T22:34:39","guid":{"rendered":"https:\/\/helena.jubany.cat\/associacio\/?page_id=2288"},"modified":"2023-01-15T18:52:33","modified_gmt":"2023-01-15T18:52:33","slug":"biografia_helena_jubany","status":"publish","type":"page","link":"https:\/\/helena.jubany.cat\/associacio\/biografia_helena_jubany\/","title":{"rendered":"Biografia de l&#8217;Helena Jubany i Lorente"},"content":{"rendered":"[et_pb_section fb_built=&#8221;1&#8243; _builder_version=&#8221;4.16&#8243; _module_preset=&#8221;default&#8221; custom_padding=&#8221;17px||12px|||&#8221; locked=&#8221;off&#8221; global_colors_info=&#8221;{}&#8221;][et_pb_row _builder_version=&#8221;4.16&#8243; _module_preset=&#8221;default&#8221; background_color=&#8221;#CB000F&#8221; global_colors_info=&#8221;{}&#8221;][et_pb_column type=&#8221;4_4&#8243; _builder_version=&#8221;4.16&#8243; _module_preset=&#8221;default&#8221; global_colors_info=&#8221;{}&#8221;][et_pb_text _builder_version=&#8221;4.16&#8243; _module_preset=&#8221;default&#8221; header_text_color=&#8221;#FFFFFF&#8221; header_font_size=&#8221;43px&#8221; header_2_text_color=&#8221;#F4F0EB&#8221; header_2_font_size=&#8221;36px&#8221; global_colors_info=&#8221;{}&#8221;]<h1 style=\"text-align: center;\">Breu biografia de l&#8217;Helena Jubany i Lorente<\/h1>[\/et_pb_text][\/et_pb_column][\/et_pb_row][\/et_pb_section][et_pb_section fb_built=&#8221;1&#8243; module_id=&#8221;Associacio&#8221; _builder_version=&#8221;4.16&#8243; global_colors_info=&#8221;{}&#8221;][et_pb_row column_structure=&#8221;1_4,3_4&#8243; _builder_version=&#8221;4.16&#8243; _module_preset=&#8221;default&#8221; border_width_bottom=&#8221;1px&#8221; border_color_bottom=&#8221;#CB000F&#8221; global_colors_info=&#8221;{}&#8221;][et_pb_column type=&#8221;1_4&#8243; _builder_version=&#8221;4.16&#8243; _module_preset=&#8221;default&#8221; global_colors_info=&#8221;{}&#8221;][et_pb_image src=&#8221;https:\/\/helena.jubany.cat\/associacio\/wp-content\/uploads\/2016\/12\/cara_helena.jpg&#8221; title_text=&#8221;cara_helena&#8221; align=&#8221;center&#8221; _builder_version=&#8221;4.16&#8243; _module_preset=&#8221;default&#8221; global_colors_info=&#8221;{}&#8221;][\/et_pb_image][\/et_pb_column][et_pb_column type=&#8221;3_4&#8243; _builder_version=&#8221;4.16&#8243; _module_preset=&#8221;default&#8221; global_colors_info=&#8221;{}&#8221;][et_pb_text _builder_version=&#8221;4.16&#8243; background_size=&#8221;initial&#8221; background_position=&#8221;top_left&#8221; background_repeat=&#8221;repeat&#8221; global_colors_info=&#8221;{}&#8221;]<h1>L&#8217;Helena Jubany<\/h1>\n<p>Enamorada de la lectura des de l\u2019adolesc\u00e8ncia, l\u2019<strong>Helena Jubany<\/strong> visqu\u00e9 a l\u2019entorn del llibre com a periodista, llibretera, contertuliana, autora de recensions, correctora, bibliotec\u00e0ria, contacontes&#8230; i darrerament esbrossava il\u00b7lusionada el cam\u00ed de la producci\u00f3 pr\u00f2pia amb relats curts.<\/p>\n<p>Per\u00f2 aquest moment dol\u00e7 de la seva vida i la seva vocaci\u00f3 liter\u00e0ria van ser estroncades la matinada del 2 de desembre de 2001, en qu\u00e8 <a href=\"https:\/\/helena.jubany.cat\/crim\/\" target=\"_blank\" rel=\"noopener\">fou assassinada<\/a>, a l\u2019edat de 27 anys. Els qui la van matar, avui encara s\u00f3n al carrer.<\/p>\n<p><a class=\"aligncenter download-button\" href=\"https:\/\/helena.jubany.cat\/associacio\/contacta-amb-lassociacio-helena-jubany\/\" rel=\"nofollow\"><\/a><\/p>[\/et_pb_text][et_pb_button button_url=&#8221;https:\/\/helena.jubany.cat\/crim\/&#8221; button_text=&#8221;Informaci\u00f3 de l&#8217;assassinat al web del crim de l&#8217;Helena Jubany&#8221; _builder_version=&#8221;4.16&#8243; _module_preset=&#8221;default&#8221; global_colors_info=&#8221;{}&#8221;][\/et_pb_button][\/et_pb_column][\/et_pb_row][et_pb_row column_structure=&#8221;1_4,3_4&#8243; _builder_version=&#8221;4.16&#8243; _module_preset=&#8221;default&#8221; border_color_bottom=&#8221;RGBA(255,255,255,0)&#8221; global_colors_info=&#8221;{}&#8221;][et_pb_column type=&#8221;1_4&#8243; _builder_version=&#8221;4.16&#8243; _module_preset=&#8221;default&#8221; global_colors_info=&#8221;{}&#8221;][et_pb_image src=&#8221;https:\/\/helena.jubany.cat\/associacio\/wp-content\/uploads\/2022\/03\/1974-gatejant-1200x1200px.jpg&#8221; title_text=&#8221;Helena Jubany gatejant (1974)&#8221; align=&#8221;center&#8221; _builder_version=&#8221;4.16&#8243; _module_preset=&#8221;default&#8221; global_colors_info=&#8221;{}&#8221;][\/et_pb_image][\/et_pb_column][et_pb_column type=&#8221;3_4&#8243; _builder_version=&#8221;4.16&#8243; _module_preset=&#8221;default&#8221; global_colors_info=&#8221;{}&#8221;][et_pb_text _builder_version=&#8221;4.16&#8243; background_size=&#8221;initial&#8221; background_position=&#8221;top_left&#8221; background_repeat=&#8221;repeat&#8221; global_colors_info=&#8221;{}&#8221;]<h2><\/h2>\n<h2>Inf\u00e0ncia<\/h2>\n<p><strong>Helena Jubany i Lorente<\/strong> va n\u00e9ixer el 27 de febrer de 1974 a Barcelona, a la cl\u00ednica maternal <a href=\"http:\/\/ca.wikipedia.org\/wiki\/Casa_de_la_Lact%C3%A0ncia\" target=\"_blank\" rel=\"noopener noreferrer\">Casa de Lact\u00e0ncia<\/a>, un edifici modernista situat a la Gran Via de les Corts Catalanes, on els seus pares, que residien a <a href=\"http:\/\/ca.wikipedia.org\/wiki\/Matar%C3%B3\" target=\"_blank\" rel=\"noopener noreferrer\">Matar\u00f3<\/a>, acudiren quan la mare hagu\u00e9 de donar a llum.<\/p>\n<p>El setembre de 1976 inici\u00e0 l\u2019escolaritat al parvulari de l\u2019<a href=\"http:\/\/www.escolagem.cat\/\" target=\"_blank\" rel=\"noopener noreferrer\">escola GEM<\/a> de Matar\u00f3 on s\u2019estigu\u00e9 fins a acabar 4t de Prim\u00e0ria. L\u2019any 1984 es trasllad\u00e0 a l\u2019<a href=\"https:\/\/agora.xtec.cat\/escolagermanesbertomeu\/\" target=\"_blank\" rel=\"noopener noreferrer\">Escola P\u00fablica Germanes Bertomeu<\/a> per continuar els estudis primaris. En aquest temps, entr\u00e0 a formar de la <a href=\"https:\/\/www.lessantes.cat\/ca\/el-seguici\/la-familia-robafaves\" target=\"_blank\" rel=\"noopener noreferrer\">colla dels Nans de Matar\u00f3<\/a>: portava \u201cel Xin\u00e8s\u201d.<!--more--><a class=\"aligncenter download-button\" href=\"https:\/\/helena.jubany.cat\/associacio\/contacta-amb-lassociacio-helena-jubany\/\" rel=\"nofollow\"><\/a><\/p>\n<p><\/p>[\/et_pb_text][\/et_pb_column][\/et_pb_row][et_pb_row column_structure=&#8221;1_4,3_4&#8243; _builder_version=&#8221;4.16&#8243; _module_preset=&#8221;default&#8221; border_color_bottom=&#8221;RGBA(255,255,255,0)&#8221; global_colors_info=&#8221;{}&#8221;][et_pb_column type=&#8221;1_4&#8243; _builder_version=&#8221;4.16&#8243; _module_preset=&#8221;default&#8221; global_colors_info=&#8221;{}&#8221;][et_pb_image src=&#8221;https:\/\/helena.jubany.cat\/associacio\/wp-content\/uploads\/2022\/03\/1992-18anys-1200x1200px-300&#215;300.jpg&#8221; title_text=&#8221;18\u00e8 aniversari de l&#8217;Helena Jubany&#8221; align=&#8221;center&#8221; _builder_version=&#8221;4.16&#8243; _module_preset=&#8221;default&#8221; global_colors_info=&#8221;{}&#8221;][\/et_pb_image][\/et_pb_column][et_pb_column type=&#8221;3_4&#8243; _builder_version=&#8221;4.16&#8243; _module_preset=&#8221;default&#8221; global_colors_info=&#8221;{}&#8221;][et_pb_text _builder_version=&#8221;4.16&#8243; background_size=&#8221;initial&#8221; background_position=&#8221;top_left&#8221; background_repeat=&#8221;repeat&#8221; global_colors_info=&#8221;{}&#8221;]<h2>Joventut<\/h2>\n<p>Estudi\u00e0 Batxillerat i COU a l\u2019<a href=\"http:\/\/idc.vservers.es\/joomla\/\" target=\"_blank\" rel=\"noopener noreferrer\">Institut Dami\u00e0 Campeny<\/a>. Molt aficionada a la lectura, descobr\u00ed l\u2019escriptora <strong><a href=\"http:\/\/ca.wikipedia.org\/wiki\/Montserrat_Roig_i_Fransitorra\" target=\"_blank\" rel=\"noopener noreferrer\">Montserrat Roig<\/a><\/strong>, en lleg\u00ed tota l\u2019obra i conceb\u00e9 la idea de seguir el seu ofici. Tamb\u00e9 en aquesta \u00e8poca particip\u00e0 activament en l\u2019organitzaci\u00f3 dels sopars estiuencs del Pati del Caf\u00e8 Nou i assist\u00ed habitualment a la <a href=\"http:\/\/www.firatarrega.com\/\" target=\"_blank\" rel=\"noopener noreferrer\">Fira del Teatre al Carrer de T\u00e0rrega<\/a>.<a class=\"aligncenter download-button\" href=\"https:\/\/helena.jubany.cat\/associacio\/contacta-amb-lassociacio-helena-jubany\/\" rel=\"nofollow\"><\/a><\/p>\n<p><\/p>[\/et_pb_text][\/et_pb_column][\/et_pb_row][et_pb_row column_structure=&#8221;1_4,3_4&#8243; _builder_version=&#8221;4.16&#8243; _module_preset=&#8221;default&#8221; border_color_bottom=&#8221;RGBA(255,255,255,0)&#8221; global_colors_info=&#8221;{}&#8221;][et_pb_column type=&#8221;1_4&#8243; _builder_version=&#8221;4.16&#8243; _module_preset=&#8221;default&#8221; global_colors_info=&#8221;{}&#8221;][et_pb_image src=&#8221;https:\/\/helena.jubany.cat\/associacio\/wp-content\/uploads\/2022\/05\/199X-tvm-1200x1200px-300&#215;300.jpg&#8221; title_text=&#8221;Helena Jubany fent pr\u00e0ctiques de periodisme a Televisi\u00f3 de Matar\u00f3&#8221; align=&#8221;center&#8221; _builder_version=&#8221;4.16&#8243; _module_preset=&#8221;default&#8221; global_colors_info=&#8221;{}&#8221;][\/et_pb_image][\/et_pb_column][et_pb_column type=&#8221;3_4&#8243; _builder_version=&#8221;4.16&#8243; _module_preset=&#8221;default&#8221; global_colors_info=&#8221;{}&#8221;][et_pb_text _builder_version=&#8221;4.16&#8243; background_size=&#8221;initial&#8221; background_position=&#8221;top_left&#8221; background_repeat=&#8221;repeat&#8221; global_colors_info=&#8221;{}&#8221;]<h2>Periodista<\/h2>\n<p>El 1992 inici\u00e0 els estudis de Periodisme a la <a href=\"http:\/\/www.uab.es\/\" target=\"_blank\" rel=\"noopener noreferrer\">Universitat Aut\u00f2noma de Barcelona<\/a> i, al llarg la seva formaci\u00f3 professional, col\u00b7labor\u00e0 amb Televisi\u00f3 de Matar\u00f3 (actualment reconvertida a <a href=\"http:\/\/mataroaudiovisual.cat\/\" target=\"_blank\" rel=\"noopener noreferrer\">Matar\u00f3 Audiovisual<\/a>), amb <a href=\"http:\/\/www.radiopremiademar.org\/\" target=\"_blank\" rel=\"noopener noreferrer\">r\u00e0dio Premi\u00e0<\/a> i, l\u2019estiu de 1996, amb el diari <a href=\"http:\/\/www.elpuntavui.cat\/mataro.html\" target=\"_blank\" rel=\"noopener noreferrer\">El Punt<\/a> del Maresme, on realitz\u00e0 les pr\u00e0ctiques de periodisme com a bec\u00e0ria.<\/p>\n<p>A m\u00e9s, ampli\u00e0 el seu coneixement d\u2019idiomes estudiant franc\u00e8s i assist\u00ed a la <a href=\"http:\/\/www.uce.cat\/\" target=\"_blank\" rel=\"noopener noreferrer\">Universitat Catalana d\u2019Estiu<\/a>. El 1996, a l\u2019edat de 22 anys, obtingu\u00e9 la llicenciatura de Periodisme.<a class=\"aligncenter download-button\" href=\"https:\/\/helena.jubany.cat\/associacio\/contacta-amb-lassociacio-helena-jubany\/\" rel=\"nofollow\"><\/a><\/p>\n<p><\/p>[\/et_pb_text][\/et_pb_column][\/et_pb_row][et_pb_row column_structure=&#8221;1_4,3_4&#8243; _builder_version=&#8221;4.16&#8243; _module_preset=&#8221;default&#8221; border_color_bottom=&#8221;RGBA(255,255,255,0)&#8221; global_colors_info=&#8221;{}&#8221;][et_pb_column type=&#8221;1_4&#8243; _builder_version=&#8221;4.16&#8243; _module_preset=&#8221;default&#8221; global_colors_info=&#8221;{}&#8221;][et_pb_image src=&#8221;https:\/\/helena.jubany.cat\/associacio\/wp-content\/uploads\/2022\/05\/199X-llibretera-1200x1200px-300&#215;300.jpg&#8221; title_text=&#8221;L&#8217;Helena Jubany va fer de llibretera a la llibreria Robafaves de Matar\u00f3&#8221; align=&#8221;center&#8221; _builder_version=&#8221;4.16&#8243; _module_preset=&#8221;default&#8221; global_colors_info=&#8221;{}&#8221;][\/et_pb_image][\/et_pb_column][et_pb_column type=&#8221;3_4&#8243; _builder_version=&#8221;4.16&#8243; _module_preset=&#8221;default&#8221; global_colors_info=&#8221;{}&#8221;][et_pb_text _builder_version=&#8221;4.16&#8243; background_size=&#8221;initial&#8221; background_position=&#8221;top_left&#8221; background_repeat=&#8221;repeat&#8221; global_colors_info=&#8221;{}&#8221;]<h2>Llibretera<\/h2>\n<p>Des de l&#8217;octubre del 1996 i durant 3 anys, treball\u00e0 com a llibretera a la Cooperativa Robafaves de Matar\u00f3, on col\u00b7labor\u00e0 tamb\u00e9 en l\u2019elaboraci\u00f3 de la revista \u201cNot\u00edcia de llibres\u201d i s\u2019interess\u00e0 especialment per la literatura infantil i juvenil.<\/p>\n<p>Durant aquest per\u00edode obtingu\u00e9 el Certificat D de coneixements superiors de llengua catalana i f\u00e9u el curs de catal\u00e0 de capacitaci\u00f3 per a la correcci\u00f3 de textos.<a class=\"aligncenter download-button\" href=\"https:\/\/helena.jubany.cat\/associacio\/contacta-amb-lassociacio-helena-jubany\/\" rel=\"nofollow\"><\/a><\/p>[\/et_pb_text][\/et_pb_column][\/et_pb_row][et_pb_row column_structure=&#8221;1_4,3_4&#8243; _builder_version=&#8221;4.16&#8243; _module_preset=&#8221;default&#8221; border_color_bottom=&#8221;RGBA(255,255,255,0)&#8221; global_colors_info=&#8221;{}&#8221;][et_pb_column type=&#8221;1_4&#8243; _builder_version=&#8221;4.16&#8243; _module_preset=&#8221;default&#8221; global_colors_info=&#8221;{}&#8221;][et_pb_image src=&#8221;https:\/\/helena.jubany.cat\/associacio\/wp-content\/uploads\/2022\/05\/2001-biblioteca-1200x1200px-300&#215;300.jpg&#8221; title_text=&#8221;Helena Jubany amb les seves companyes de la Biblioteca de Sentmenat&#8221; align=&#8221;center&#8221; _builder_version=&#8221;4.16&#8243; _module_preset=&#8221;default&#8221; global_colors_info=&#8221;{}&#8221;][\/et_pb_image][\/et_pb_column][et_pb_column type=&#8221;3_4&#8243; _builder_version=&#8221;4.16&#8243; _module_preset=&#8221;default&#8221; global_colors_info=&#8221;{}&#8221;][et_pb_text _builder_version=&#8221;4.16&#8243; background_size=&#8221;initial&#8221; background_position=&#8221;top_left&#8221; background_repeat=&#8221;repeat&#8221; global_colors_info=&#8221;{}&#8221;]<h2>Bibliotec\u00e0ria a Sentmenat i estudiant de la UOC<\/h2>\n<p>El novembre de 1999 deixa de treballar a la llibreria i, decidida a dedicar-se al m\u00f3n del llibre des d\u2019altres \u00e0mbits, prepara les oposicions a bibliotec\u00e0ria i enceta el cam\u00ed de la creaci\u00f3 liter\u00e0ria. L\u2019any 2000 \u00e9s per a l\u2019Helena un any de projectes que es van realitzant: aconsegueix la pla\u00e7a d\u2019auxiliar de bibliotec\u00e0ria per a la sala infantil de la <a href=\"https:\/\/bibliotecavirtual.diba.cat\/sentmenat-biblioteca-frederic-alfonso-i-orfila\" target=\"_blank\" rel=\"noopener noreferrer\">biblioteca Frederic Alfonso i Orfila<\/a> de la vila de <a href=\"http:\/\/ca.wikipedia.org\/wiki\/Sentmenat\" target=\"_blank\" rel=\"noopener noreferrer\">Sentmenat<\/a>, inicia el segon cicle de la llicenciatura de <a href=\"http:\/\/estudis.uoc.edu\/ca\/graus\/informacio-documentacio\/presentacio\" target=\"_blank\" rel=\"noopener noreferrer\">Documentaci\u00f3<\/a> a la <a href=\"http:\/\/www.uoc.edu\/web\/cat\/index.html\" target=\"_blank\" rel=\"noopener noreferrer\">Universitat Oberta de Catalunya<\/a>, es dedica a explicar i escriure contes, cosa que li fa goig, i obt\u00e9 el premi de prosa vila de <a href=\"http:\/\/ca.wikipedia.org\/wiki\/Mont-roig_del_Camp\" target=\"_blank\" rel=\"noopener noreferrer\">Mont-roig del Camp<\/a> amb la narraci\u00f3 <strong><em>Els cristalls de les terres del nord<\/em><\/strong>.<\/p>\n<p>El 28 de desembre del mateix any es trasllada a viure a <a href=\"http:\/\/ca.wikipedia.org\/wiki\/Sabadell\" target=\"_blank\" rel=\"noopener noreferrer\">Sabadell<\/a>, en un pis de lloguer al barri de la Creu Alta, a pocs quil\u00f2metres de Sentmenat.<\/p>\n<p><\/p>\n<p><a class=\"aligncenter download-button\" href=\"https:\/\/helena.jubany.cat\/associacio\/contacta-amb-lassociacio-helena-jubany\/\" rel=\"nofollow\"><\/a><\/p>[\/et_pb_text][\/et_pb_column][\/et_pb_row][et_pb_row column_structure=&#8221;1_4,3_4&#8243; _builder_version=&#8221;4.16&#8243; _module_preset=&#8221;default&#8221; border_color_bottom=&#8221;RGBA(255,255,255,0)&#8221; global_colors_info=&#8221;{}&#8221;][et_pb_column type=&#8221;1_4&#8243; _builder_version=&#8221;4.16&#8243; _module_preset=&#8221;default&#8221; global_colors_info=&#8221;{}&#8221;][et_pb_image src=&#8221;https:\/\/helena.jubany.cat\/associacio\/wp-content\/uploads\/2022\/05\/2000-contacontes-1200x1200px-300&#215;300.jpg&#8221; title_text=&#8221;Helena Jubany explicant contes a la boblioeca de Sentmentat el novembre de l&#8217;any 2000&#8243; align=&#8221;center&#8221; _builder_version=&#8221;4.16&#8243; _module_preset=&#8221;default&#8221; global_colors_info=&#8221;{}&#8221;][\/et_pb_image][\/et_pb_column][et_pb_column type=&#8221;3_4&#8243; _builder_version=&#8221;4.16&#8243; _module_preset=&#8221;default&#8221; global_colors_info=&#8221;{}&#8221;][et_pb_text _builder_version=&#8221;4.16&#8243; background_size=&#8221;initial&#8221; background_position=&#8221;top_left&#8221; background_repeat=&#8221;repeat&#8221; global_colors_info=&#8221;{}&#8221;]<h2>Contacontes<\/h2>\n<p>L\u2019Helena estava satisfeta de la seva activitat laboral i els estudis de la UOC: comentava que podia aplicar els coneixements que adquiria directament a la feina quotidiana que desenvolupava a la biblioteca alhora que els estudis te\u00f2rics li resultaven entenedors pels coneixements que obtenia de la pr\u00e0ctica laboral.<\/p>\n<p>A m\u00e9s, continuava dedicant-se a la creaci\u00f3 liter\u00e0ria, mantenia reunions peri\u00f2diques amb altres bibliotec\u00e0ries per coordinar les activitats que realitzaven, participava en les tert\u00falies de contes infantils que cada mes se celebraven a la llibreria Robafaves de Matar\u00f3, no havia deixat de col\u00b7laborar com a comentarista de la revista \u201cNot\u00edcia de llibres\u201d i li encantava el m\u00f3n del conte.<\/p>\n<p>Assistia a sessions de conta-contes al Centre C\u00edvic de Sant Oleguer de Sabadell i participava en les classes i activitats que es realitzaven a la <a href=\"http:\/\/www.lacasadeloscuentos.info\/\" target=\"_blank\" rel=\"noopener noreferrer\">Casa del Cuento<\/a>, a Barcelona, dirigides per <strong>Numancia Rojas<\/strong>, la qual, alhora, admirava la destresa de l\u2019Helena per explicar els contes mentre en mostrava les p\u00e0gines del llibre, t\u00e8cnica que havia apr\u00e8s de <strong>Pep Duran<\/strong> a Robafaves.<\/p>\n<p>I mentrestant, anava fent la seva pr\u00f2pia maleta de contes triant-los amb gran cura, amorosament.<a class=\"aligncenter download-button\" href=\"https:\/\/helena.jubany.cat\/associacio\/contacta-amb-lassociacio-helena-jubany\/\" rel=\"nofollow\"><\/a><\/p>\n<p><\/p>[\/et_pb_text][\/et_pb_column][\/et_pb_row][et_pb_row column_structure=&#8221;1_4,3_4&#8243; _builder_version=&#8221;4.16&#8243; _module_preset=&#8221;default&#8221; border_width_bottom=&#8221;1px&#8221; border_color_bottom=&#8221;#CB000F&#8221; global_colors_info=&#8221;{}&#8221;][et_pb_column type=&#8221;1_4&#8243; _builder_version=&#8221;4.16&#8243; _module_preset=&#8221;default&#8221; global_colors_info=&#8221;{}&#8221;][et_pb_image src=&#8221;https:\/\/helena.jubany.cat\/associacio\/wp-content\/uploads\/2022\/05\/2001-ues-1200x1200px-300&#215;300.jpg&#8221; title_text=&#8221;Helena Jubany en una excursi\u00f3 de la UES l&#8217;any 2001&#8243; align=&#8221;center&#8221; _builder_version=&#8221;4.16&#8243; _module_preset=&#8221;default&#8221; global_colors_info=&#8221;{}&#8221;][\/et_pb_image][\/et_pb_column][et_pb_column type=&#8221;3_4&#8243; _builder_version=&#8221;4.16&#8243; _module_preset=&#8221;default&#8221; global_colors_info=&#8221;{}&#8221;][et_pb_text _builder_version=&#8221;4.16&#8243; background_size=&#8221;initial&#8221; background_position=&#8221;top_left&#8221; background_repeat=&#8221;repeat&#8221; global_colors_info=&#8221;{}&#8221;]<h2>Excursionista<\/h2>\n<p>Durant l\u2019any 2001 l\u2019Helena tamb\u00e9 s\u2019an\u00e0 aproximant a la vida cultural i associativa de la seva nova ciutat, Sabadell i, empesa per la seva afici\u00f3 a la muntanya i a l\u2019excursionisme, a partir de la Setmana Santa de 2001, amb una estada a Mallorca, participa en les activitats de la <a href=\"https:\/\/natura.ues.cat\/\" target=\"_blank\" rel=\"noopener noreferrer\">secci\u00f3 de Natura<\/a> de la <a href=\"https:\/\/ues.cat\/\" target=\"_blank\" rel=\"noopener noreferrer\">Uni\u00f3 Excursionista de Sabadell (UES)<\/a>.<\/p>\n<p>Per\u00f2 el migdia del 30 de novembre del mateix any \u00e9s retinguda fins a la matinada del 2 de desembre, en qu\u00e8 \u00e9s assassinada.<a class=\"aligncenter download-button\" href=\"https:\/\/helena.jubany.cat\/associacio\/contacta-amb-lassociacio-helena-jubany\/\" rel=\"nofollow\"><\/a><\/p>\n<p><\/p>[\/et_pb_text][\/et_pb_column][\/et_pb_row][\/et_pb_section][et_pb_section fb_built=&#8221;1&#8243; _builder_version=&#8221;4.16&#8243; background_color=&#8221;#D8D9DD&#8221; global_colors_info=&#8221;{}&#8221;][et_pb_row column_structure=&#8221;1_4,3_4&#8243; _builder_version=&#8221;4.16&#8243; _module_preset=&#8221;default&#8221; global_colors_info=&#8221;{}&#8221;][et_pb_column type=&#8221;1_4&#8243; _builder_version=&#8221;4.16&#8243; _module_preset=&#8221;default&#8221; global_colors_info=&#8221;{}&#8221;][et_pb_image src=&#8221;https:\/\/helena.jubany.cat\/associacio\/wp-content\/uploads\/2018\/11\/cristalls-portada-helenajubany.jpg&#8221; title_text=&#8221;Els cristalls de les terres del nord i altres contes, d&#8217;Helena Jubany&#8221; align=&#8221;center&#8221; _builder_version=&#8221;4.16&#8243; _module_preset=&#8221;default&#8221; global_colors_info=&#8221;{}&#8221;][\/et_pb_image][\/et_pb_column][et_pb_column type=&#8221;3_4&#8243; _builder_version=&#8221;4.16&#8243; _module_preset=&#8221;default&#8221; global_colors_info=&#8221;{}&#8221;][et_pb_text _builder_version=&#8221;4.16&#8243; background_size=&#8221;initial&#8221; background_position=&#8221;top_left&#8221; background_repeat=&#8221;repeat&#8221; global_colors_info=&#8221;{}&#8221;]<h1>L&#8217;obra liter\u00e0ria de l&#8217;Helena Jubany<\/h1>\n<p>L&#8217;any 2004 l&#8217;Associaci\u00f3 Helena Jubany va publicar el llibre <em><strong>&#8220;Els cristalls de les terres del nord i altres contes&#8221;.<\/strong><\/em> El llibre \u00e9s un recull dels contes que l&#8217;Helena, a qui encantava explicar hist\u00f2ries i escoltar com li n&#8217;explicaven, havia escrit i tenia guardats en el seu ordinador. Segurament ella els hauria madurat, els hauria polit, abans de publicar-los.<\/p>\n<p>Per\u00f2, dissortadament, aquella adolescent que als 17 anys volia dedicar-se a l&#8217;ofici d&#8217;escriure, deu anys despr\u00e9s, convertida ja en una jove enamorada de la vida, plena de projectes, plena de futura, va ser assassinada quan tot just encetava la seva aventura liter\u00e0ria.<\/p>\n<p>Ara, amb aquestes narracions que ens ha deixat, podem reviure emocions, desigs i sentiments compartits amb l&#8217;Helena.<\/p>\n<p><a class=\"aligncenter download-button\" href=\"https:\/\/helena.jubany.cat\/associacio\/contacta-amb-lassociacio-helena-jubany\/\" rel=\"nofollow\"><\/a><\/p>[\/et_pb_text][wdcl_image_carousel is_autoplay=&#8221;off&#8221; slide_count=&#8221;4&#8243; _builder_version=&#8221;4.17.4&#8243; _module_preset=&#8221;default&#8221; global_colors_info=&#8221;{}&#8221;][wdcl_image_carousel_child photo=&#8221;https:\/\/helena.jubany.cat\/associacio\/wp-content\/uploads\/2022\/02\/01-cristalls-800.jpg&#8221; title=&#8221;Els cristalls de les terres del nord&#8221; content_pos_y=&#8221;flex-end&#8221; _builder_version=&#8221;4.17.4&#8243; _module_preset=&#8221;default&#8221; title_text_color=&#8221;#FFFFFF&#8221; title_font_size=&#8221;25px&#8221; use_background_color_gradient=&#8221;on&#8221; background_color_gradient_stops=&#8221;#000000 0%|rgba(255,255,255,0) 100%&#8221; background_color_gradient_start=&#8221;#000000&#8243; background_color_gradient_end=&#8221;rgba(255,255,255,0)&#8221; link_option_url=&#8221;https:\/\/helena.jubany.cat\/associacio\/obra_literiaria_helena_jubany\/els-cristalls-de-les-terres-del-nord\/&#8221; title_text_shadow_style=&#8221;preset3&#8243; title_text_shadow_blur_strength=&#8221;0.33em&#8221; title_text_shadow_color=&#8221;#000000&#8243; global_colors_info=&#8221;{}&#8221;][\/wdcl_image_carousel_child][wdcl_image_carousel_child photo=&#8221;https:\/\/helena.jubany.cat\/associacio\/wp-content\/uploads\/2022\/02\/02-galetes-800.jpg&#8221; title=&#8221;Les galetes m\u00e0giques&#8221; content_pos_y=&#8221;flex-end&#8221; _builder_version=&#8221;4.17.4&#8243; _module_preset=&#8221;default&#8221; title_text_color=&#8221;#FFFFFF&#8221; title_font_size=&#8221;25px&#8221; use_background_color_gradient=&#8221;on&#8221; background_color_gradient_stops=&#8221;#000000 0%|rgba(255,255,255,0) 100%&#8221; background_color_gradient_start=&#8221;#000000&#8243; background_color_gradient_end=&#8221;rgba(255,255,255,0)&#8221; link_option_url=&#8221;https:\/\/helena.jubany.cat\/associacio\/obra_literiaria_helena_jubany\/les-galestes-magiques\/&#8221; title_text_shadow_style=&#8221;preset3&#8243; title_text_shadow_blur_strength=&#8221;0.33em&#8221; title_text_shadow_color=&#8221;#000000&#8243; global_colors_info=&#8221;{}&#8221;][\/wdcl_image_carousel_child][wdcl_image_carousel_child photo=&#8221;https:\/\/helena.jubany.cat\/associacio\/wp-content\/uploads\/2022\/02\/03-invasio-800.jpg&#8221; title=&#8221;Una invasi\u00f3 monstruosa&#8221; content_pos_y=&#8221;flex-end&#8221; _builder_version=&#8221;4.17.4&#8243; _module_preset=&#8221;default&#8221; title_text_color=&#8221;#FFFFFF&#8221; title_font_size=&#8221;25px&#8221; use_background_color_gradient=&#8221;on&#8221; background_color_gradient_stops=&#8221;#000000 0%|rgba(255,255,255,0) 100%&#8221; background_color_gradient_start=&#8221;#000000&#8243; background_color_gradient_end=&#8221;rgba(255,255,255,0)&#8221; link_option_url=&#8221;https:\/\/helena.jubany.cat\/associacio\/obra_literiaria_helena_jubany\/una-invasio-monstruosa\/&#8221; title_text_shadow_style=&#8221;preset3&#8243; title_text_shadow_blur_strength=&#8221;0.33em&#8221; title_text_shadow_color=&#8221;#000000&#8243; global_colors_info=&#8221;{}&#8221;][\/wdcl_image_carousel_child][wdcl_image_carousel_child photo=&#8221;https:\/\/helena.jubany.cat\/associacio\/wp-content\/uploads\/2022\/02\/04-fugida-800.jpg&#8221; title=&#8221;La fugida de l&#8217;internauta&#8221; content_pos_y=&#8221;flex-end&#8221; _builder_version=&#8221;4.17.4&#8243; _module_preset=&#8221;default&#8221; title_text_color=&#8221;#FFFFFF&#8221; title_font_size=&#8221;25px&#8221; use_background_color_gradient=&#8221;on&#8221; background_color_gradient_stops=&#8221;#000000 0%|rgba(255,255,255,0) 100%&#8221; background_color_gradient_start=&#8221;#000000&#8243; background_color_gradient_end=&#8221;rgba(255,255,255,0)&#8221; link_option_url=&#8221;https:\/\/helena.jubany.cat\/associacio\/obra_literiaria_helena_jubany\/la-fugida-de-linternauta\/&#8221; title_text_shadow_style=&#8221;preset3&#8243; title_text_shadow_blur_strength=&#8221;0.33em&#8221; title_text_shadow_color=&#8221;#000000&#8243; global_colors_info=&#8221;{}&#8221;][\/wdcl_image_carousel_child][wdcl_image_carousel_child photo=&#8221;https:\/\/helena.jubany.cat\/associacio\/wp-content\/uploads\/2022\/02\/05-pensaments-800.jpg&#8221; title=&#8221;Els pensaments voladors&#8221; content_pos_y=&#8221;flex-end&#8221; _builder_version=&#8221;4.17.4&#8243; _module_preset=&#8221;default&#8221; title_text_color=&#8221;#FFFFFF&#8221; title_font_size=&#8221;25px&#8221; use_background_color_gradient=&#8221;on&#8221; background_color_gradient_stops=&#8221;#000000 0%|rgba(255,255,255,0) 100%&#8221; background_color_gradient_start=&#8221;#000000&#8243; background_color_gradient_end=&#8221;rgba(255,255,255,0)&#8221; link_option_url=&#8221;https:\/\/helena.jubany.cat\/associacio\/obra_literiaria_helena_jubany\/els-pensaments-voladors\/&#8221; title_text_shadow_style=&#8221;preset3&#8243; title_text_shadow_blur_strength=&#8221;0.33em&#8221; title_text_shadow_color=&#8221;#000000&#8243; global_colors_info=&#8221;{}&#8221;][\/wdcl_image_carousel_child][wdcl_image_carousel_child photo=&#8221;https:\/\/helena.jubany.cat\/associacio\/wp-content\/uploads\/2022\/02\/06-formiga-800.jpg&#8221; title=&#8221;La formiga que es va adormir sobre la closca d&#8217;una tortuga&#8221; content_pos_y=&#8221;flex-end&#8221; _builder_version=&#8221;4.17.4&#8243; _module_preset=&#8221;default&#8221; title_text_color=&#8221;#FFFFFF&#8221; title_font_size=&#8221;25px&#8221; use_background_color_gradient=&#8221;on&#8221; background_color_gradient_stops=&#8221;#000000 0%|rgba(255,255,255,0) 100%&#8221; background_color_gradient_start=&#8221;#000000&#8243; background_color_gradient_end=&#8221;rgba(255,255,255,0)&#8221; link_option_url=&#8221;https:\/\/helena.jubany.cat\/associacio\/obra_literiaria_helena_jubany\/la-formiga-que-es-va-adormir-sobre-la-closca-duna-tortuga\/&#8221; title_text_shadow_style=&#8221;preset3&#8243; title_text_shadow_blur_strength=&#8221;0.33em&#8221; title_text_shadow_color=&#8221;#000000&#8243; global_colors_info=&#8221;{}&#8221;][\/wdcl_image_carousel_child][wdcl_image_carousel_child photo=&#8221;https:\/\/helena.jubany.cat\/associacio\/wp-content\/uploads\/2022\/02\/07-matrioska-800.jpg&#8221; title=&#8221;Matrioska&#8221; content_pos_y=&#8221;flex-end&#8221; _builder_version=&#8221;4.17.4&#8243; _module_preset=&#8221;default&#8221; title_text_color=&#8221;#FFFFFF&#8221; title_font_size=&#8221;25px&#8221; use_background_color_gradient=&#8221;on&#8221; background_color_gradient_stops=&#8221;#000000 0%|rgba(255,255,255,0) 100%&#8221; background_color_gradient_start=&#8221;#000000&#8243; background_color_gradient_end=&#8221;rgba(255,255,255,0)&#8221; link_option_url=&#8221;https:\/\/helena.jubany.cat\/associacio\/obra_literiaria_helena_jubany\/matrioska\/&#8221; title_text_shadow_style=&#8221;preset3&#8243; title_text_shadow_blur_strength=&#8221;0.33em&#8221; title_text_shadow_color=&#8221;#000000&#8243; global_colors_info=&#8221;{}&#8221;][\/wdcl_image_carousel_child][wdcl_image_carousel_child photo=&#8221;https:\/\/helena.jubany.cat\/associacio\/wp-content\/uploads\/2022\/02\/08-lluna-800.jpg&#8221; title=&#8221;En companyia de la lluna&#8221; content_pos_y=&#8221;flex-end&#8221; _builder_version=&#8221;4.17.4&#8243; _module_preset=&#8221;default&#8221; title_text_color=&#8221;#FFFFFF&#8221; title_font_size=&#8221;25px&#8221; use_background_color_gradient=&#8221;on&#8221; background_color_gradient_stops=&#8221;#000000 0%|rgba(255,255,255,0) 100%&#8221; background_color_gradient_start=&#8221;#000000&#8243; background_color_gradient_end=&#8221;rgba(255,255,255,0)&#8221; link_option_url=&#8221;https:\/\/helena.jubany.cat\/associacio\/obra_literiaria_helena_jubany\/en-companyia-de-la-lluna\/&#8221; title_text_shadow_style=&#8221;preset3&#8243; title_text_shadow_blur_strength=&#8221;0.33em&#8221; title_text_shadow_color=&#8221;#000000&#8243; global_colors_info=&#8221;{}&#8221;][\/wdcl_image_carousel_child][wdcl_image_carousel_child photo=&#8221;https:\/\/helena.jubany.cat\/associacio\/wp-content\/uploads\/2022\/02\/09-lladre-800.jpg&#8221; title=&#8221;Lladre d&#8217;instants&#8221; content_pos_y=&#8221;flex-end&#8221; _builder_version=&#8221;4.17.4&#8243; _module_preset=&#8221;default&#8221; title_text_color=&#8221;#FFFFFF&#8221; title_font_size=&#8221;25px&#8221; use_background_color_gradient=&#8221;on&#8221; background_color_gradient_stops=&#8221;#000000 0%|rgba(255,255,255,0) 100%&#8221; background_color_gradient_start=&#8221;#000000&#8243; background_color_gradient_end=&#8221;rgba(255,255,255,0)&#8221; link_option_url=&#8221;https:\/\/helena.jubany.cat\/associacio\/obra_literiaria_helena_jubany\/lladre-dinstants\/&#8221; title_text_shadow_style=&#8221;preset3&#8243; title_text_shadow_blur_strength=&#8221;0.33em&#8221; title_text_shadow_color=&#8221;#000000&#8243; global_colors_info=&#8221;{}&#8221;][\/wdcl_image_carousel_child][\/wdcl_image_carousel][et_pb_button button_url=&#8221;https:\/\/helena.jubany.cat\/associacio\/obra_literiaria_helena_jubany\/&#8221; button_text=&#8221;Llegeix els contes de l&#8217;Helena Jubany&#8221; _builder_version=&#8221;4.17.4&#8243; _module_preset=&#8221;default&#8221; custom_button=&#8221;on&#8221; button_bg_color=&#8221;#FFFFFF&#8221; global_colors_info=&#8221;{}&#8221;][\/et_pb_button][\/et_pb_column][\/et_pb_row][\/et_pb_section][et_pb_section fb_built=&#8221;1&#8243; admin_label=&#8221;La maleta de l&#8217;Helena&#8221; _builder_version=&#8221;4.16&#8243; global_colors_info=&#8221;{}&#8221; locked=&#8221;off&#8221;][et_pb_row column_structure=&#8221;1_4,3_4&#8243; _builder_version=&#8221;4.16&#8243; _module_preset=&#8221;default&#8221; global_colors_info=&#8221;{}&#8221;][et_pb_column type=&#8221;1_4&#8243; _builder_version=&#8221;4.16&#8243; _module_preset=&#8221;default&#8221; global_colors_info=&#8221;{}&#8221;][et_pb_image src=&#8221;https:\/\/helena.jubany.cat\/associacio\/wp-content\/uploads\/2022\/12\/la-maleta-de-helena-300&#215;300.jpg&#8221; title_text=&#8221;La maleta de l&#8217;Helena&#8221; url=&#8221;https:\/\/helena.jubany.cat\/associacio\/podcast\/&#8221; align=&#8221;center&#8221; admin_label=&#8221;Image&#8221; _builder_version=&#8221;4.17.4&#8243; _module_preset=&#8221;default&#8221; global_colors_info=&#8221;{}&#8221;][\/et_pb_image][\/et_pb_column][et_pb_column type=&#8221;3_4&#8243; _builder_version=&#8221;4.16&#8243; _module_preset=&#8221;default&#8221; global_colors_info=&#8221;{}&#8221;][et_pb_text _builder_version=&#8221;4.17.4&#8243; background_size=&#8221;initial&#8221; background_position=&#8221;top_left&#8221; background_repeat=&#8221;repeat&#8221; global_colors_info=&#8221;{}&#8221;]<h1>La maleta de l&#8217;Helena (podcast)<\/h1>\n<p class=\"p1\"><strong>La maleta de l&#8217;Helena<\/strong> \u00e9s un recull de contes que l&#8217;Helena Jubany havia escrit i tenia guardats al seu ordinador. Segurament ella els hauria madurat i polit abans de publicar-los. Hauren sigut nom\u00e9s els seus primers contes, per\u00f2 el 2001 la van assassinar just quan encetava la seva aventura liter\u00e0ria. Ara, <strong>escoltant<\/strong> aquestes narracions que ens va deixar, podrem reviure emocions, desitjos i sentiments compartits amb ella.<\/p>\n<p class=\"p1\">Aquesta s\u00e8rie de podcasts \u00e9s el resultat de la col\u00b7laboraci\u00f3 entre la <strong>Universitat Oberta de Catalunya<\/strong> (UOC) i l&#8217;Associaci\u00f3 Helena Jubany.<\/p>\n<p class=\"p1\">S\u00f3n els contes escrits per l&#8217;Helena Jubany intepretats per les veus de <strong>Marta Tricuera<\/strong> (<a href=\"\/associacio\/podcast\/#galetes\">Les galetes m\u00e0giques<\/a> i <a href=\"\/associacio\/podcast\/#lladre\">Lladre d\u2019instants<\/a>), <strong>Rosa Fit\u00e9<\/strong> (<a href=\"\/associacio\/podcast\/#invasio\">Una invasi\u00f3 monstruosa<\/a>), <strong>Sergi Gibert<\/strong> (<a href=\"\/associacio\/podcast\/#internauta\">La fugida de l\u2019internauta<\/a>), <strong>Andrea Mart\u00ednez<\/strong> (<a href=\"\/associacio\/podcast\/#pensaments\">Els pensaments voladors<\/a>), <strong>Ester Cort<\/strong> (<a href=\"\/associacio\/podcast\/#formiga\">La formiga que es va adormir sobre la closca d\u2019una tortuga<\/a>), <strong>Teresa F\u00e8rriz<\/strong> (<a href=\"\/associacio\/podcast\/#matrioska\">Matrioska<\/a>), <strong>Mariona Ribas<\/strong> (<a href=\"\/associacio\/podcast\/#lluna\">En companyia de la lluna<\/a>) i <strong>S\u00edlvia Ricart<\/strong> (<a href=\"\/associacio\/podcast\/#cristalls\">Els cristalls de les terres del nord<\/a>).<\/p>[\/et_pb_text][et_pb_button button_url=&#8221;@ET-DC@eyJkeW5hbWljIjp0cnVlLCJjb250ZW50IjoicG9zdF9saW5rX3VybF9wYWdlIiwic2V0dGluZ3MiOnsicG9zdF9pZCI6IjMxNTUifX0=@&#8221; button_text=&#8221;Escolta en podcast els contes de l&#8217;Helena Jubany&#8221; _builder_version=&#8221;4.17.4&#8243; _dynamic_attributes=&#8221;button_url&#8221; _module_preset=&#8221;default&#8221; global_colors_info=&#8221;{}&#8221;][\/et_pb_button][\/et_pb_column][\/et_pb_row][\/et_pb_section]","protected":false},"excerpt":{"rendered":"<p>Breu biografia de l&#8217;Helena Jubany i LorenteL&#8217;Helena Jubany Enamorada de la lectura des de l\u2019adolesc\u00e8ncia, l\u2019Helena Jubany visqu\u00e9 a l\u2019entorn del llibre com a periodista, llibretera, contertuliana, autora de recensions, correctora, bibliotec\u00e0ria, contacontes&#8230; i darrerament esbrossava il\u00b7lusionada el cam\u00ed de la producci\u00f3 pr\u00f2pia amb relats curts. Per\u00f2 aquest moment dol\u00e7 de la seva vida i [&hellip;]<\/p>\n","protected":false},"author":1,"featured_media":0,"parent":0,"menu_order":0,"comment_status":"closed","ping_status":"closed","template":"","meta":{"_et_pb_use_builder":"on","_et_pb_old_content":"","_et_gb_content_width":"","footnotes":""},"class_list":["post-2288","page","type-page","status-publish","hentry"],"_links":{"self":[{"href":"https:\/\/helena.jubany.cat\/associacio\/wp-json\/wp\/v2\/pages\/2288","targetHints":{"allow":["GET"]}}],"collection":[{"href":"https:\/\/helena.jubany.cat\/associacio\/wp-json\/wp\/v2\/pages"}],"about":[{"href":"https:\/\/helena.jubany.cat\/associacio\/wp-json\/wp\/v2\/types\/page"}],"author":[{"embeddable":true,"href":"https:\/\/helena.jubany.cat\/associacio\/wp-json\/wp\/v2\/users\/1"}],"replies":[{"embeddable":true,"href":"https:\/\/helena.jubany.cat\/associacio\/wp-json\/wp\/v2\/comments?post=2288"}],"version-history":[{"count":6,"href":"https:\/\/helena.jubany.cat\/associacio\/wp-json\/wp\/v2\/pages\/2288\/revisions"}],"predecessor-version":[{"id":3455,"href":"https:\/\/helena.jubany.cat\/associacio\/wp-json\/wp\/v2\/pages\/2288\/revisions\/3455"}],"wp:attachment":[{"href":"https:\/\/helena.jubany.cat\/associacio\/wp-json\/wp\/v2\/media?parent=2288"}],"curies":[{"name":"wp","href":"https:\/\/api.w.org\/{rel}","templated":true}]}}